{"id":11622,"date":"2019-02-04T15:19:45","date_gmt":"2019-02-04T15:19:45","guid":{"rendered":"https:\/\/globalpacta.com\/condiciones-de-uso-de-la-web"},"modified":"2019-03-08T10:08:28","modified_gmt":"2019-03-08T10:08:28","slug":"condiciones-de-uso-de-la-web","status":"publish","type":"page","link":"https:\/\/globalpacta.com\/ca\/condiciones-de-uso-de-la-web\/","title":{"rendered":"Condiciones de uso de la web"},"content":{"rendered":"<div class=\"fusion-fullwidth fullwidth-box fusion-builder-row-1 nonhundred-percent-fullwidth non-hundred-percent-height-scrolling\" style=\"--awb-background-position:left top;--awb-border-radius-top-left:0px;--awb-border-radius-top-right:0px;--awb-border-radius-bottom-right:0px;--awb-border-radius-bottom-left:0px;--awb-padding-top:50px;--awb-padding-bottom:100px;--awb-border-sizes-top:0px;--awb-border-sizes-bottom:0px;--awb-flex-wrap:wrap;\" ><div class=\"fusion-builder-row fusion-row\"><div class=\"fusion-layout-column fusion_builder_column fusion-builder-column-0 fusion_builder_column_1_1 1_1 fusion-one-full fusion-column-first fusion-column-last green-border rounded-border\" style=\"--awb-padding-top:40px;--awb-padding-right:60px;--awb-padding-bottom:20px;--awb-padding-left:60px;--awb-bg-color:#ffffff;--awb-bg-color-hover:#ffffff;--awb-bg-size:cover;--awb-border-color:#e2e2e2;--awb-border-top:1px;--awb-border-right:1px;--awb-border-bottom:1px;--awb-border-left:1px;--awb-border-style:solid;\"><div class=\"fusion-column-wrapper fusion-flex-column-wrapper-legacy\"><div class=\"fusion-title title fusion-title-1 fusion-title-text fusion-title-size-one\"><h1 class=\"fusion-title-heading title-heading-left\" style=\"margin:0;\"><h1><strong>CONDICIONS D&#8217;\u00daS DE LA WEB<\/strong><\/h1><\/h1><span class=\"awb-title-spacer\"><\/span><div class=\"title-sep-container\"><div class=\"title-sep sep-single sep-solid\" style=\"border-color:#e0dede;\"><\/div><\/div><\/div><div class=\"fusion-sep-clear\"><\/div><div class=\"fusion-separator fusion-full-width-sep\" style=\"margin-left: auto;margin-right: auto;margin-top:10px;margin-bottom:10px;width:100%;\"><\/div><div class=\"fusion-sep-clear\"><\/div><div class=\"fusion-text fusion-text-1\"><h3><strong>1. Abast<\/strong><\/h3>\n<p>Aquestes Condicions d&#8217;\u00fas de la Web estableixen les normes generals que regulen l&#8217;acc\u00e9s, la navegaci\u00f3 i l&#8217;\u00fas dels continguts de la present web, p\u00e0gina web, lloc web o portal.<\/p>\n<p>La informaci\u00f3 continguda en aquesta p\u00e0gina web fa refer\u00e8ncia als serveis que presta PACTA LEGAL S.L.P. Aquesta informaci\u00f3 nom\u00e9s t\u00e9 efectes enunciatius i en cap cas constitueix una oferta vinculant. PACTA LEGAL S.L.P. es reserva el dret de modificar la informaci\u00f3 aqu\u00ed continguda sense previ av\u00eds.<\/p>\n<p>Al seu torn, es reserva el dret a modificar el contingut del present document de Condicions d&#8217;\u00fas de la web. Per tant, l&#8217;usuari l&#8217;ha de llegir atentament en cadascuna de les ocasions en qu\u00e8 es proposi utilitzar el lloc web, ja que pot ser que s&#8217;hagi modificat.<\/p>\n<p>La prestaci\u00f3 del servei d&#8217;aquest lloc web t\u00e9 una durada limitada al moment en el qual l&#8217;usuari es trobi connectat al lloc web o a algun dels serveis que, en el seu cas, es faciliten a trav\u00e9s del lloc esmentat.<\/p>\n<h3><strong>2. Condicions d&#8217;\u00fas<\/strong><\/h3>\n<p>Amb el simple acc\u00e9s, la navegaci\u00f3 o la utilitzaci\u00f3 de la p\u00e0gina web, es t\u00e9 la condici\u00f3 d&#8217;usuari. L&#8217;usuari accepta de forma plena i sense cap tipus de reserva les condicions contingudes en el present av\u00eds legal.<\/p>\n<p>L&#8217;usuari es compromet a utilitzar el lloc web juntament amb els seus serveis i continguts, de forma l\u00edcita, d&#8217;acord amb la legislaci\u00f3 vigent, els usos generalment acceptats, la bona fe i l&#8217;ordre p\u00fablic.<\/p>\n<p>L&#8217;usuari es compromet a no dur a terme accions que puguin causar danys a la p\u00e0gina web, inutilitzant-la, sobrecarregant-la o deteriorant-la de qualsevol manera, o impedint als altres usuaris el lliure acc\u00e9s, utilitzaci\u00f3 o gaudi de la p\u00e0gina web.<\/p>\n<h3><strong>3. Propietat intel\u00b7lectual, propietat industrial i \u00fas de continguts<\/strong><\/h3>\n<p>PACTA LEGAL S.L.P. compta amb la corresponent llic\u00e8ncia d&#8217;\u00fas i explotaci\u00f3 dels drets de propietat intel\u00b7lectual i industrial d&#8217;aquesta p\u00e0gina web i de tots els seus continguts (a t\u00edtol merament enunciatiu: textos, fotografies i altres continguts audiovisuals, programari, disseny gr\u00e0fic, etc.). L&#8217;acc\u00e9s a la navegaci\u00f3 per mitj\u00e0 d&#8217;aquest lloc web i el seu \u00fas per part de l&#8217;usuari no impliquen ren\u00fancia, transmissi\u00f3, llic\u00e8ncia ni cessi\u00f3 total o parcial dels drets esmentats.<\/p>\n<p>Queda prohibit reproduir, modificar, reutilitzar, explotar, comunicar p\u00fablicament, carregar arxius, enviar per correu, transmetre, usar, tractar o distribuir de qualsevol manera la totalitat o una part dels continguts inclosos en aquesta p\u00e0gina web per a prop\u00f2sits p\u00fablics o comercials si no es compta amb l&#8217;autoritzaci\u00f3 expressa i per escrit de PACTA LEGAL S.L.P.<\/p>\n<p>PACTA LEGAL S.L.P. est\u00e0 degudament autoritzada a fer servir el logotip, que \u00e9s una marca registrada. Queda totalment prohibida la seva reproducci\u00f3 o \u00fas sense autoritzaci\u00f3 escrita.<strong>\u00a0<\/strong><\/p>\n<h3><strong>4. Enlla\u00e7os<\/strong><\/h3>\n<p><strong>A) ENLLA\u00c7OS A ALTRES P\u00c0GINES WEB EXTERNES\u00a0<\/strong><\/p>\n<p>PACTA LEGAL S.L.P. rebutja tota responsabilitat sobre qualsevol informaci\u00f3 present a la World Wide Web no elaborada per PACTA LEGAL S.L.P. o que no s&#8217;hagi publicat sota el seu nom. La p\u00e0gina web pot contenir enlla\u00e7os d&#8217;hipertext a altres p\u00e0gines de la World Wide Web que s\u00f3n completament independents d&#8217;aquesta p\u00e0gina web. PACTA LEGAL S.L.P. no respondr\u00e0 ni garantir\u00e0, de cap manera, l&#8217;exactitud, sufici\u00e8ncia o autenticitat de la informaci\u00f3 proporcionada per qualsevol persona o entitat, f\u00edsica o jur\u00eddica, amb o sense personalitat jur\u00eddica pr\u00f2pia, per mitj\u00e0 dels esmentats enlla\u00e7os d&#8217;hipertext.<\/p>\n<p><strong>B) ENLLA\u00c7OS EXTERNS AMB DESTINACI\u00d3 A LES P\u00c0GINES WEB DE PACTA LEGAL S.L.P.<\/strong><\/p>\n<p>Si qualsevol altre lloc web, usuari o entitat volgu\u00e9s establir un enlla\u00e7 amb destinaci\u00f3 a <a href=\"https:\/\/globalpacta.com\/\">https:\/\/globalpacta.com\/<\/a>, aquest enlla\u00e7 s&#8217;haur\u00e0 de sotmetre a les condicions que es detallen a continuaci\u00f3:<\/p>\n<ul>\n<li>L&#8217;enlla\u00e7 anir\u00e0 adre\u00e7at a la p\u00e0gina principal o a qualsevol de les seves seccions. En qualsevol cas, l&#8217;enlla\u00e7 ha de ser absolut i complet, i ha de portar a l&#8217;usuari amb un sol clic a l&#8217;URL de la p\u00e0gina principal o a l&#8217;URL de qualsevol de les seves seccions. L&#8217;enlla\u00e7 haur\u00e0 d&#8217;abastar tota l&#8217;extensi\u00f3 de pantalla del portal de <a href=\"https:\/\/globalpacta.com\/\">https:\/\/globalpacta.com\/<\/a><\/li>\n<li>Excepte que PACTA LEGAL S.L.P. ho autoritzi expressament per escrit, el lloc web que estableixi l&#8217;enlla\u00e7 no podr\u00e0 reproduir <a href=\"https:\/\/globalpacta.com\/\">https:\/\/globalpacta.com\/<\/a> incloent-lo com a part integrant del seu web, utilitzant macros, <em>redireccionaments<\/em> o qualsevol altra mesura que suposi ocultar l&#8217;origen de la informaci\u00f3.<\/li>\n<li>No s&#8217;autoritza l&#8217;establiment de l&#8217;enlla\u00e7 <a href=\"https:\/\/globalpacta.com\/\">https:\/\/globalpacta.com\/<\/a> des de llocs web que continguin continguts il\u00b7l\u00edcits, il\u00b7legals, degradants o obscens, contravenint la moral o l&#8217;ordre p\u00fablic.<\/li>\n<li>El servei d&#8217;acc\u00e9s al lloc web inclou dispositius t\u00e8cnics d&#8217;enlla\u00e7, directoris i fins i tot instruments de recerca que permeten a l&#8217;usuari accedir a altres p\u00e0gines i portals d&#8217;Internet (d&#8217;ara endavant, &#8220;Llocs enlla\u00e7ats&#8221;).<\/li>\n<\/ul>\n<p>En aquests casos, PACTA LEGAL S.L.P. actua com a prestador de serveis d&#8217;intermediaci\u00f3 d&#8217;acord amb la Llei 34\/2002 de l&#8217;11 de juliol, de serveis de la societat de la informaci\u00f3 i de comer\u00e7 electr\u00f2nic i nom\u00e9s ser\u00e0 responsable dels continguts i serveis subministrats als Llocs enlla\u00e7ats en la mesura en qu\u00e8 tingui coneixement efectiu de la seva il\u00b7licitud i no hagi desactivat l&#8217;enlla\u00e7 amb la dilig\u00e8ncia deguda. En cas que l&#8217;usuari consideri que existeix un Lloc enlla\u00e7at amb continguts il\u00b7l\u00edcits o inadequats, podr\u00e0 comunicar-ho a PACTA LEGAL S.L.P. enviant un missatge a <a href=\"mailto:protecciondatos@globalpacta.com\">protecciondatos@globalpacta.com<\/a>, sense que, en cap cas, aquesta comunicaci\u00f3 comporti l&#8217;obligaci\u00f3 de retirar l&#8217;enlla\u00e7 corresponent.<\/p>\n<p>En cap cas, la pres\u00e8ncia de Llocs enlla\u00e7ats ha de pressuposar l&#8217;exist\u00e8ncia d&#8217;acords amb els seus responsables o titulars, ni la recomanaci\u00f3, promoci\u00f3 o identificaci\u00f3 de PACTA LEGAL S.L.P. amb les manifestacions, continguts o serveis proporcionats.<\/p>\n<p>PACTA LEGAL S.L.P. no coneix els continguts i serveis dels Llocs enlla\u00e7ats i per tant, no es fa responsable dels danys produ\u00efts per la il\u00b7licitud, qualitat, antiguitat, obsolesc\u00e8ncia, indisponibilitat, error i inutilitat dels continguts i\/o serveis dels Llocs enlla\u00e7ats ni per qualsevol altre dany que no sigui directament imputable a PACTA LEGAL S.L.P.<\/p>\n<h3><strong>5. Exclusi\u00f3 de responsabilitat<\/strong><\/h3>\n<p>La responsabilitat en l&#8217;\u00fas d&#8217;aquest lloc web correspon de manera \u00fanica i exclusiva a l&#8217;usuari.<\/p>\n<p>PACTA LEGAL S.L.P. no es fa responsable, en cap cas, dels danys i perjudicis de qualsevol natura que poguessin estar causats per:<\/p>\n<ul>\n<li>La no disponibilitat, manteniment i funcionament del lloc web o dels seus serveis i continguts, perqu\u00e8 requereix subministraments i serveis de tercers.<\/li>\n<li>Els errors i omissions en la informaci\u00f3 publicada, aix\u00ed com en la falta d&#8217;utilitat, adequaci\u00f3 o validesa del lloc web o dels seus serveis o continguts per satisfer necessitats, activitats o resultats concrets o expectatives dels usuaris.<\/li>\n<\/ul>\n<p>L&#8217;acc\u00e9s al Portal no implica l&#8217;obligaci\u00f3, per part de PACTA LEGAL S.L.P., de controlar l&#8217;abs\u00e8ncia de virus o qualsevol altre element inform\u00e0tic perjudicial. Correspon a l&#8217;usuari, en tot cas, la disponibilitat d&#8217;eines adequades per a la detecci\u00f3 i desinfecci\u00f3 de programes inform\u00e0tics perjudicials. PACTA LEGAL S.L.P. no es responsabilitza dels danys causats als equips inform\u00e0tics dels usuaris o de tercers com a conseq\u00fc\u00e8ncia de o durant l&#8217;\u00fas del lloc web.<\/p>\n<h3><strong>6. Legislaci\u00f3<\/strong><\/h3>\n<p>El present Av\u00eds Legal es regeix en tots i cadascun dels seus extrems pel Reglament General de Protecci\u00f3 de Dades de la Uni\u00f3 Europea.<\/p>\n<h3><strong>7. Actualitzaci\u00f3<\/strong><\/h3>\n<p>Aquest document de Condicions d&#8217;\u00fas de la web s&#8217;ha revisat per darrera vegada a l&#8217;<strong><u>octubre<\/u><u> de 2018.<\/u><\/strong><\/p>\n<\/div><div class=\"fusion-clearfix\"><\/div><\/div><\/div><\/div><\/div>\n","protected":false},"excerpt":{"rendered":"","protected":false},"author":3,"featured_media":0,"parent":0,"menu_order":0,"comment_status":"closed","ping_status":"closed","template":"","meta":{"_exactmetrics_skip_tracking":false,"_exactmetrics_sitenote_active":false,"_exactmetrics_sitenote_note":"","_exactmetrics_sitenote_category":0,"footnotes":""},"_links":{"self":[{"href":"https:\/\/globalpacta.com\/ca\/wp-json\/wp\/v2\/pages\/11622"}],"collection":[{"href":"https:\/\/globalpacta.com\/ca\/wp-json\/wp\/v2\/pages"}],"about":[{"href":"https:\/\/globalpacta.com\/ca\/wp-json\/wp\/v2\/types\/page"}],"author":[{"embeddable":true,"href":"https:\/\/globalpacta.com\/ca\/wp-json\/wp\/v2\/users\/3"}],"replies":[{"embeddable":true,"href":"https:\/\/globalpacta.com\/ca\/wp-json\/wp\/v2\/comments?post=11622"}],"version-history":[{"count":3,"href":"https:\/\/globalpacta.com\/ca\/wp-json\/wp\/v2\/pages\/11622\/revisions"}],"predecessor-version":[{"id":11811,"href":"https:\/\/globalpacta.com\/ca\/wp-json\/wp\/v2\/pages\/11622\/revisions\/11811"}],"wp:attachment":[{"href":"https:\/\/globalpacta.com\/ca\/wp-json\/wp\/v2\/media?parent=11622"}],"curies":[{"name":"wp","href":"https:\/\/api.w.org\/{rel}","templated":true}]}}