{"id":15059,"date":"2020-04-15T10:27:25","date_gmt":"2020-04-15T10:27:25","guid":{"rendered":"https:\/\/globalpacta.com\/?page_id=15059"},"modified":"2024-05-24T12:26:10","modified_gmt":"2024-05-24T12:26:10","slug":"antonio-jorda-de-quay","status":"publish","type":"page","link":"https:\/\/globalpacta.com\/ca\/equipo-2-2\/antonio-jorda-de-quay\/","title":{"rendered":"ANTONIO JORD\u00c1 DE QUAY"},"content":{"rendered":"<div class=\"fusion-fullwidth fullwidth-box fusion-builder-row-1 gp-single-team nonhundred-percent-fullwidth non-hundred-percent-height-scrolling\" style=\"--awb-background-position:left top;--awb-border-radius-top-left:0px;--awb-border-radius-top-right:0px;--awb-border-radius-bottom-right:0px;--awb-border-radius-bottom-left:0px;--awb-padding-top:20px;--awb-padding-bottom:20px;--awb-border-sizes-top:0px;--awb-border-sizes-bottom:0px;--awb-flex-wrap:wrap;\" ><div class=\"fusion-builder-row fusion-row\"><div class=\"fusion-layout-column fusion_builder_column fusion-builder-column-0 fusion_builder_column_1_2 1_2 fusion-one-half fusion-column-first\" style=\"--awb-bg-size:cover;width:48%; margin-right: 4%;\"><div class=\"fusion-column-wrapper fusion-flex-column-wrapper-legacy\"><div class=\"fusion-image-element fusion-image-align-right in-legacy-container\" style=\"text-align:right;--awb-caption-title-font-family:var(--h2_typography-font-family);--awb-caption-title-font-weight:var(--h2_typography-font-weight);--awb-caption-title-font-style:var(--h2_typography-font-style);--awb-caption-title-size:var(--h2_typography-font-size);--awb-caption-title-transform:var(--h2_typography-text-transform);--awb-caption-title-line-height:var(--h2_typography-line-height);--awb-caption-title-letter-spacing:var(--h2_typography-letter-spacing);\"><span class=\" fusion-imageframe imageframe-none imageframe-1 hover-type-none\" style=\"margin-left:25px;float:right;\"><img decoding=\"async\" width=\"662\" height=\"662\" title=\"Antonio_Jorda_2019_fondo\" src=\"https:\/\/globalpacta.com\/wp-content\/uploads\/2020\/04\/Antonio_Jorda_2019_fondo.jpg\" alt class=\"img-responsive wp-image-15047\" srcset=\"https:\/\/globalpacta.com\/wp-content\/uploads\/2020\/04\/Antonio_Jorda_2019_fondo-200x200.jpg 200w, https:\/\/globalpacta.com\/wp-content\/uploads\/2020\/04\/Antonio_Jorda_2019_fondo-400x400.jpg 400w, https:\/\/globalpacta.com\/wp-content\/uploads\/2020\/04\/Antonio_Jorda_2019_fondo-600x600.jpg 600w, https:\/\/globalpacta.com\/wp-content\/uploads\/2020\/04\/Antonio_Jorda_2019_fondo.jpg 662w\" sizes=\"(max-width: 800px) 100vw, 662px\" \/><\/span><\/div><div class=\"fusion-clearfix\"><\/div><\/div><\/div><div class=\"fusion-layout-column fusion_builder_column fusion-builder-column-1 fusion_builder_column_1_2 1_2 fusion-one-half fusion-column-last\" style=\"--awb-bg-size:cover;width:48%;\"><div class=\"fusion-column-wrapper fusion-flex-column-wrapper-legacy\"><div class=\"fusion-text fusion-text-1\"><p><strong>Advocat<\/strong><\/p>\n<p>Antonio Jord\u00e1 posseeix una \u00e0mplia experi\u00e8ncia en dret laboral.<\/p>\n<p>La seva traject\u00f2ria professional va comen\u00e7ar l\u2019any 1984 en un despatx d\u2019advocats de Tarragona i des de llavors podem destacar, entre d\u2019altres, el seu exercici com a t\u00e8cnic en Relacions Laborals a nivell de Multinacional, Director de relacions Laborals en entitat banc\u00e0ria aix\u00ed com a soci de diversos bufets d\u2019advocats.<\/p>\n<p>La seva experi\u00e8ncia professional en l\u2019\u00e0mbit del Dret Laboral i Seguretat Social s\u2019est\u00e9n a tots els \u00e0mbits i especialitats, inclosa la pr\u00e0ctica litigiosa davant la Jurisdicci\u00f3 Social, cal posar l\u2019accent en la seva \u00e0mplia experi\u00e8ncia en l\u2019assessorament jur\u00eddic a empreses sobre les condicions de treball, com l\u2019estructura salarial i compensaci\u00f3, jornada laboral, contractaci\u00f3 i sancions aix\u00ed com l\u2019extinci\u00f3 dels contractes de treball i els acords d\u2019indemnitzaci\u00f3 corresponents. Tamb\u00e9 cal destacar la seva \u00e0mplia pr\u00e0ctica com assessor en l\u2019\u00e0mbit dels esports.<\/p>\n<p>Ha participat \u00edntegrament en procediments d\u2019acomiadament col\u00b7lectiu i en tot tipus de negociacions amb els representants del treballadors sobre les condicions de treball en processos de reestructuraci\u00f3 empresarial, on s\u2019inclouen, modificaci\u00f3 de les condicions de treball, mobilitats geogr\u00e0fiques, suspensi\u00f3 de contractes, processos de jubilaci\u00f3 i altres.<\/p>\n<p>\u00c9s membre de Il\u00b7lustre Col\u00b7legi de l&#8217;Advocacia de Barcelona i de Tarragona.<\/p>\n<p>Forma part de l&#8217;equip de globalpacta des del 2020.<\/p>\n<p><strong>Formaci\u00f3 acad\u00e8mica<\/strong><\/p>\n<p>\u2013 Llicenciatura en Dret per la Universitat de Barcelona.<br \/>\n\u2013 M\u00e0ster en Dret penal, Universitat de Barcelona.<br \/>\n\u2013 M\u00e0ster en recursos humans i gesti\u00f3 de personal, Escola d&#8217;Administraci\u00f3 i Alta Direcci\u00f3, Barcelona.<\/p>\n<p><strong>Idiomes<\/strong><\/p>\n<p>Espanyol, catal\u00e0 i franc\u00e8s.<\/p>\n<\/div><div class=\"fusion-clearfix\"><\/div><\/div><\/div><\/div><\/div>\n","protected":false},"excerpt":{"rendered":"","protected":false},"author":3,"featured_media":0,"parent":7208,"menu_order":0,"comment_status":"open","ping_status":"open","template":"","meta":{"_exactmetrics_skip_tracking":false,"_exactmetrics_sitenote_active":false,"_exactmetrics_sitenote_note":"","_exactmetrics_sitenote_category":0,"footnotes":""},"_links":{"self":[{"href":"https:\/\/globalpacta.com\/ca\/wp-json\/wp\/v2\/pages\/15059"}],"collection":[{"href":"https:\/\/globalpacta.com\/ca\/wp-json\/wp\/v2\/pages"}],"about":[{"href":"https:\/\/globalpacta.com\/ca\/wp-json\/wp\/v2\/types\/page"}],"author":[{"embeddable":true,"href":"https:\/\/globalpacta.com\/ca\/wp-json\/wp\/v2\/users\/3"}],"replies":[{"embeddable":true,"href":"https:\/\/globalpacta.com\/ca\/wp-json\/wp\/v2\/comments?post=15059"}],"version-history":[{"count":7,"href":"https:\/\/globalpacta.com\/ca\/wp-json\/wp\/v2\/pages\/15059\/revisions"}],"predecessor-version":[{"id":22772,"href":"https:\/\/globalpacta.com\/ca\/wp-json\/wp\/v2\/pages\/15059\/revisions\/22772"}],"up":[{"embeddable":true,"href":"https:\/\/globalpacta.com\/ca\/wp-json\/wp\/v2\/pages\/7208"}],"wp:attachment":[{"href":"https:\/\/globalpacta.com\/ca\/wp-json\/wp\/v2\/media?parent=15059"}],"curies":[{"name":"wp","href":"https:\/\/api.w.org\/{rel}","templated":true}]}}